{"id":8213,"date":"2025-03-05T12:44:48","date_gmt":"2025-03-05T12:44:48","guid":{"rendered":"https:\/\/comunifecali.org\/congresosupresencia\/?page_id=8213"},"modified":"2025-05-01T07:40:04","modified_gmt":"2025-05-01T07:40:04","slug":"congreso-su-presencia-2025","status":"publish","type":"page","link":"https:\/\/comunifecali.org\/congresosupresencia\/","title":{"rendered":"Congreso su presencia 2025"},"content":{"rendered":"\t\t<div data-elementor-type=\"wp-page\" data-elementor-id=\"8213\" class=\"elementor elementor-8213\">\n\t\t\t\t<div class=\"elementor-element elementor-element-56be943 e-con-full e-flex e-con e-parent\" data-id=\"56be943\" data-element_type=\"container\" data-settings=\"{&quot;background_background&quot;:&quot;video&quot;,&quot;background_video_link&quot;:&quot;https:\\\/\\\/www.youtube.com\\\/watch?v=l_usLZZGG28&quot;,&quot;background_play_on_mobile&quot;:&quot;yes&quot;}\">\n\t\t<div class=\"elementor-background-video-container\">\n\t\t\t\t\t\t\t<div class=\"elementor-background-video-embed\"><\/div>\n\t\t\t\t\t\t<\/div>\t\t<\/div>\n\t\t<div class=\"elementor-element elementor-element-16309b0 e-con-full elementor-hidden-desktop elementor-hidden-laptop elementor-hidden-tablet_extra e-flex e-con e-parent\" data-id=\"16309b0\" data-element_type=\"container\" data-settings=\"{&quot;background_background&quot;:&quot;gradient&quot;}\">\n\t\t\t\t<div class=\"elementor-element elementor-element-6c5cc16 elementor-widget elementor-widget-image\" data-id=\"6c5cc16\" data-element_type=\"widget\" data-widget_type=\"image.default\">\n\t\t\t\t\t\t\t\t\t\t\t\t\t\t\t<img fetchpriority=\"high\" decoding=\"async\" width=\"415\" height=\"801\" src=\"https:\/\/comunifecali.org\/congresosupresencia\/wp-content\/uploads\/2025\/05\/horario-11.png\" class=\"attachment-full size-full wp-image-9241\" alt=\"\" srcset=\"https:\/\/comunifecali.org\/congresosupresencia\/wp-content\/uploads\/2025\/05\/horario-11.png 415w, https:\/\/comunifecali.org\/congresosupresencia\/wp-content\/uploads\/2025\/05\/horario-11-155x300.png 155w\" sizes=\"(max-width: 415px) 100vw, 415px\" \/>\t\t\t\t\t\t\t\t\t\t\t\t\t\t\t<\/div>\n\t\t\t\t<div class=\"elementor-element elementor-element-348311f elementor-widget-mobile__width-initial elementor-absolute elementor-widget elementor-widget-image\" data-id=\"348311f\" data-element_type=\"widget\" data-settings=\"{&quot;_position&quot;:&quot;absolute&quot;}\" data-widget_type=\"image.default\">\n\t\t\t\t\t\t\t\t\t\t\t\t\t\t\t<img decoding=\"async\" width=\"420\" height=\"506\" src=\"https:\/\/comunifecali.org\/congresosupresencia\/wp-content\/uploads\/2025\/05\/fotochica2.png\" class=\"attachment-large size-large wp-image-9246\" alt=\"\" srcset=\"https:\/\/comunifecali.org\/congresosupresencia\/wp-content\/uploads\/2025\/05\/fotochica2.png 420w, https:\/\/comunifecali.org\/congresosupresencia\/wp-content\/uploads\/2025\/05\/fotochica2-249x300.png 249w\" sizes=\"(max-width: 420px) 100vw, 420px\" \/>\t\t\t\t\t\t\t\t\t\t\t\t\t\t\t<\/div>\n\t\t\t\t<\/div>\n\t\t<div class=\"elementor-element elementor-element-42e97c6 e-con-full elementor-hidden-desktop elementor-hidden-laptop elementor-hidden-tablet_extra e-flex e-con e-parent\" data-id=\"42e97c6\" data-element_type=\"container\" data-settings=\"{&quot;background_background&quot;:&quot;gradient&quot;}\">\n\t\t\t\t<div class=\"elementor-element elementor-element-b8652cd elementor-widget elementor-widget-image\" data-id=\"b8652cd\" data-element_type=\"widget\" data-widget_type=\"image.default\">\n\t\t\t\t\t\t\t\t\t\t\t\t\t\t\t<img decoding=\"async\" width=\"415\" height=\"801\" src=\"https:\/\/comunifecali.org\/congresosupresencia\/wp-content\/uploads\/2025\/05\/horario-12.png\" class=\"attachment-full size-full wp-image-9253\" alt=\"\" srcset=\"https:\/\/comunifecali.org\/congresosupresencia\/wp-content\/uploads\/2025\/05\/horario-12.png 415w, https:\/\/comunifecali.org\/congresosupresencia\/wp-content\/uploads\/2025\/05\/horario-12-155x300.png 155w\" sizes=\"(max-width: 415px) 100vw, 415px\" \/>\t\t\t\t\t\t\t\t\t\t\t\t\t\t\t<\/div>\n\t\t\t\t<\/div>\n\t\t<div class=\"elementor-element elementor-element-2118f1d e-con-full elementor-hidden-desktop elementor-hidden-laptop elementor-hidden-tablet_extra e-flex e-con e-parent\" data-id=\"2118f1d\" data-element_type=\"container\" data-settings=\"{&quot;background_background&quot;:&quot;gradient&quot;}\">\n\t\t\t\t<div class=\"elementor-element elementor-element-4d43184 elementor-widget elementor-widget-image\" data-id=\"4d43184\" data-element_type=\"widget\" data-widget_type=\"image.default\">\n\t\t\t\t\t\t\t\t\t\t\t\t\t\t\t<img loading=\"lazy\" decoding=\"async\" width=\"415\" height=\"801\" src=\"https:\/\/comunifecali.org\/congresosupresencia\/wp-content\/uploads\/2025\/05\/horario-13.png\" class=\"attachment-full size-full wp-image-9254\" alt=\"\" srcset=\"https:\/\/comunifecali.org\/congresosupresencia\/wp-content\/uploads\/2025\/05\/horario-13.png 415w, https:\/\/comunifecali.org\/congresosupresencia\/wp-content\/uploads\/2025\/05\/horario-13-155x300.png 155w\" sizes=\"(max-width: 415px) 100vw, 415px\" \/>\t\t\t\t\t\t\t\t\t\t\t\t\t\t\t<\/div>\n\t\t\t\t<\/div>\n\t\t<div class=\"elementor-element elementor-element-8c95a58 e-con-full elementor-hidden-tablet elementor-hidden-mobile e-flex e-con e-parent\" data-id=\"8c95a58\" data-element_type=\"container\" data-settings=\"{&quot;background_background&quot;:&quot;gradient&quot;}\">\n\t\t\t\t<div class=\"elementor-element elementor-element-09a68e1 elementor-widget elementor-widget-image\" data-id=\"09a68e1\" data-element_type=\"widget\" data-widget_type=\"image.default\">\n\t\t\t\t\t\t\t\t\t\t\t\t\t\t\t<img loading=\"lazy\" decoding=\"async\" width=\"1921\" height=\"901\" src=\"https:\/\/comunifecali.org\/congresosupresencia\/wp-content\/uploads\/2025\/04\/horario-web.png\" class=\"attachment-full size-full wp-image-9217\" alt=\"\" srcset=\"https:\/\/comunifecali.org\/congresosupresencia\/wp-content\/uploads\/2025\/04\/horario-web.png 1921w, https:\/\/comunifecali.org\/congresosupresencia\/wp-content\/uploads\/2025\/04\/horario-web-300x141.png 300w, https:\/\/comunifecali.org\/congresosupresencia\/wp-content\/uploads\/2025\/04\/horario-web-1024x480.png 1024w, https:\/\/comunifecali.org\/congresosupresencia\/wp-content\/uploads\/2025\/04\/horario-web-768x360.png 768w, https:\/\/comunifecali.org\/congresosupresencia\/wp-content\/uploads\/2025\/04\/horario-web-1536x720.png 1536w, https:\/\/comunifecali.org\/congresosupresencia\/wp-content\/uploads\/2025\/04\/horario-web-600x281.png 600w\" sizes=\"(max-width: 1921px) 100vw, 1921px\" \/>\t\t\t\t\t\t\t\t\t\t\t\t\t\t\t<\/div>\n\t\t\t\t<\/div>\n\t\t<div class=\"elementor-element elementor-element-f6bd04a e-con-full e-flex e-con e-parent\" data-id=\"f6bd04a\" data-element_type=\"container\" data-settings=\"{&quot;background_background&quot;:&quot;classic&quot;}\">\n\t\t<div class=\"elementor-element elementor-element-060bc0b e-con-full e-flex e-con e-child\" data-id=\"060bc0b\" data-element_type=\"container\">\n\t\t<div class=\"elementor-element elementor-element-78ee948 e-con-full e-flex e-con e-child\" data-id=\"78ee948\" data-element_type=\"container\">\n\t\t<div class=\"elementor-element elementor-element-ed84283 e-con-full e-flex e-con e-child\" data-id=\"ed84283\" data-element_type=\"container\">\n\t\t\t\t<div class=\"elementor-element elementor-element-8b475f3 elementor-widget elementor-widget-heading\" data-id=\"8b475f3\" data-element_type=\"widget\" data-widget_type=\"heading.default\">\n\t\t\t\t\t<div class=\"elementor-heading-title elementor-size-default\">1-4 Mayo,<\/div>\t\t\t\t<\/div>\n\t\t\t\t<div class=\"elementor-element elementor-element-e9b9c39 elementor-widget elementor-widget-heading\" data-id=\"e9b9c39\" data-element_type=\"widget\" data-widget_type=\"heading.default\">\n\t\t\t\t\t<div class=\"elementor-heading-title elementor-size-default\">2025<\/div>\t\t\t\t<\/div>\n\t\t\t\t<\/div>\n\t\t\t\t<div class=\"elementor-element elementor-element-bb7b3d3 elementor-widget elementor-widget-heading\" data-id=\"bb7b3d3\" data-element_type=\"widget\" data-widget_type=\"heading.default\">\n\t\t\t\t\t<h2 class=\"elementor-heading-title elementor-size-default\">Cali, Colombia<\/h2>\t\t\t\t<\/div>\n\t\t\t\t<\/div>\n\t\t<div class=\"elementor-element elementor-element-1a95b8d e-con-full e-flex e-con e-child\" data-id=\"1a95b8d\" data-element_type=\"container\" data-settings=\"{&quot;background_background&quot;:&quot;classic&quot;}\">\n\t\t\t\t<div class=\"elementor-element elementor-element-535b59d elementor-widget elementor-widget-heading\" data-id=\"535b59d\" data-element_type=\"widget\" data-widget_type=\"heading.default\">\n\t\t\t\t\t<h2 class=\"elementor-heading-title elementor-size-default\">CONGRESO SU PRESENCIA<\/h2>\t\t\t\t<\/div>\n\t\t\t\t<div class=\"elementor-element elementor-element-802d6dd elementor-widget elementor-widget-heading\" data-id=\"802d6dd\" data-element_type=\"widget\" data-widget_type=\"heading.default\">\n\t\t\t\t\t<h2 class=\"elementor-heading-title elementor-size-default\">AMAMOS<\/h2>\t\t\t\t<\/div>\n\t\t\t\t<div class=\"elementor-element elementor-element-3d8c667 elementor-widget elementor-widget-heading\" data-id=\"3d8c667\" data-element_type=\"widget\" data-widget_type=\"heading.default\">\n\t\t\t\t\t<h2 class=\"elementor-heading-title elementor-size-default\">TU GLORIA<\/h2>\t\t\t\t<\/div>\n\t\t\t\t<\/div>\n\t\t<div class=\"elementor-element elementor-element-c03a903 e-con-full e-flex e-con e-child\" data-id=\"c03a903\" data-element_type=\"container\">\n\t\t\t\t<div class=\"elementor-element elementor-element-a9df001 elementor-widget elementor-widget-image\" data-id=\"a9df001\" data-element_type=\"widget\" data-widget_type=\"image.default\">\n\t\t\t\t\t\t\t\t\t\t\t\t\t\t\t<img loading=\"lazy\" decoding=\"async\" width=\"286\" height=\"286\" src=\"https:\/\/comunifecali.org\/congresosupresencia\/wp-content\/uploads\/2025\/03\/logoIgleTrans.png\" class=\"attachment-large size-large wp-image-8690\" alt=\"\" srcset=\"https:\/\/comunifecali.org\/congresosupresencia\/wp-content\/uploads\/2025\/03\/logoIgleTrans.png 286w, https:\/\/comunifecali.org\/congresosupresencia\/wp-content\/uploads\/2025\/03\/logoIgleTrans-150x150.png 150w, https:\/\/comunifecali.org\/congresosupresencia\/wp-content\/uploads\/2025\/03\/logoIgleTrans-100x100.png 100w\" sizes=\"(max-width: 286px) 100vw, 286px\" \/>\t\t\t\t\t\t\t\t\t\t\t\t\t\t\t<\/div>\n\t\t\t\t<div class=\"elementor-element elementor-element-bbe92a1 elementor-widget elementor-widget-heading\" data-id=\"bbe92a1\" data-element_type=\"widget\" data-widget_type=\"heading.default\">\n\t\t\t\t\t<h2 class=\"elementor-heading-title elementor-size-default\">Iglesia Comunidad Cristiana de Fe Cali<\/h2>\t\t\t\t<\/div>\n\t\t\t\t<\/div>\n\t\t\t\t<\/div>\n\t\t\t\t<\/div>\n\t\t<div class=\"elementor-element elementor-element-664cdaa e-con-full e-flex e-con e-parent\" data-id=\"664cdaa\" data-element_type=\"container\" data-settings=\"{&quot;background_background&quot;:&quot;classic&quot;}\">\n\t\t<div class=\"elementor-element elementor-element-c8d5191 e-con-full e-flex e-con e-child\" data-id=\"c8d5191\" data-element_type=\"container\">\n\t\t\t\t<div class=\"elementor-element elementor-element-33a5660 elementor-widget elementor-widget-heading\" data-id=\"33a5660\" data-element_type=\"widget\" data-widget_type=\"heading.default\">\n\t\t\t\t\t<h2 class=\"elementor-heading-title elementor-size-default\">Donaci\u00f3n e <br> Inscripci\u00f3n<\/h2>\t\t\t\t<\/div>\n\t\t\t\t<\/div>\n\t\t<div class=\"elementor-element elementor-element-b416fe3 e-con-full e-flex e-con e-child\" data-id=\"b416fe3\" data-element_type=\"container\">\n\t\t\t\t<div class=\"elementor-element elementor-element-e80845e elementor-widget elementor-widget-button\" data-id=\"e80845e\" data-element_type=\"widget\" data-widget_type=\"button.default\">\n\t\t\t\t\t\t\t\t\t\t<a class=\"elementor-button elementor-button-link elementor-size-sm\" href=\"https:\/\/comunifecali.org\/congresosupresencia\/producto\/congreso-su-presencia-2025\/\" target=\"_blank\">\n\t\t\t\t\t\t<span class=\"elementor-button-content-wrapper\">\n\t\t\t\t\t\t\t\t\t<span class=\"elementor-button-text\">Haz clic aqu\u00ed<\/span>\n\t\t\t\t\t<\/span>\n\t\t\t\t\t<\/a>\n\t\t\t\t\t\t\t\t<\/div>\n\t\t\t\t<div class=\"elementor-element elementor-element-4ffe352 elementor-widget elementor-widget-heading\" data-id=\"4ffe352\" data-element_type=\"widget\" data-widget_type=\"heading.default\">\n\t\t\t\t\t<div class=\"elementor-heading-title elementor-size-default\">Inversi\u00f3n $100.000<\/div>\t\t\t\t<\/div>\n\t\t\t\t<\/div>\n\t\t\t\t<\/div>\n\t\t<div class=\"elementor-element elementor-element-0d3be0b e-con-full e-flex e-con e-parent\" data-id=\"0d3be0b\" data-element_type=\"container\" data-settings=\"{&quot;background_background&quot;:&quot;classic&quot;}\">\n\t\t<div class=\"elementor-element elementor-element-19a2f4a e-con-full e-flex e-con e-child\" data-id=\"19a2f4a\" data-element_type=\"container\">\n\t\t\t\t<div class=\"elementor-element elementor-element-054eeab elementor-widget elementor-widget-text-editor\" data-id=\"054eeab\" data-element_type=\"widget\" data-widget_type=\"text-editor.default\">\n\t\t\t\t\t\t\t\t\t<p>\u00bfCu\u00e1nto quieres de Dios?\u00bfAnhelas contemplar su Gloria? \u00bfSer transformado a su imagen?<\/p><p>En el Congreso Su Presencia \u00abAMAMOS TU GLORIA\u00bb, tu pasi\u00f3n por \u00c9l crecer\u00e1, despertar\u00e1 la revelaci\u00f3n y el llamado a preparar nuestro coraz\u00f3n como la novia gloriosa del Se\u00f1or\u2026 entendiendo la raz\u00f3n de estar listos para su regreso.<\/p><p>\u00abPorque la tierra ser\u00e1 llena del conocimiento de la gloria de Jehov\u00e1, como las aguas cubren el mar\u00bb (Habacuc 2:14).<\/p><p>Un\u00e1monos en Cali, Colombia, del 1 al 4 de mayo de 2025, en \u00abAmamos Tu Gloria\u00bb levantando juntos un altar de Adoraci\u00f3n, diciendo s\u00ed al llamado de Dios a los corazones apasionados por \u00c9l, s\u00ed, a contemplarlo y adorarlo, conociendo su Gloria. \u00a1S\u00ed, a ser transformados a Su imagen para manifestar su presencia y gloria al mundo, impactando con nuestra vida a tantos que lo necesitan conocer!<\/p>\t\t\t\t\t\t\t\t<\/div>\n\t\t\t\t<\/div>\n\t\t<div class=\"elementor-element elementor-element-9a3f371 e-con-full elementor-hidden-tablet elementor-hidden-mobile e-flex e-con e-child\" data-id=\"9a3f371\" data-element_type=\"container\" data-settings=\"{&quot;background_background&quot;:&quot;classic&quot;}\">\n\t\t\t\t<\/div>\n\t\t\t\t<\/div>\n\t\t<div class=\"elementor-element elementor-element-2e02701 e-flex e-con-boxed e-con e-parent\" data-id=\"2e02701\" data-element_type=\"container\" data-settings=\"{&quot;background_background&quot;:&quot;classic&quot;}\">\n\t\t\t\t\t<div class=\"e-con-inner\">\n\t\t\t\t<div class=\"elementor-element elementor-element-469c64c elementor-widget elementor-widget-heading\" data-id=\"469c64c\" data-element_type=\"widget\" data-widget_type=\"heading.default\">\n\t\t\t\t\t<div class=\"elementor-heading-title elementor-size-default\">EL <span class=\"yellowItalic\" style=\"font-weight:700\">HIJO<\/span> REFLEJA EL BRILLO<\/div>\t\t\t\t<\/div>\n\t\t\t\t<div class=\"elementor-element elementor-element-95df5e6 elementor-widget elementor-widget-heading\" data-id=\"95df5e6\" data-element_type=\"widget\" data-widget_type=\"heading.default\">\n\t\t\t\t\t<div class=\"elementor-heading-title elementor-size-default\">DE LA <span class=\"yellowItalic\" style=\"font-weight:700\">GLORIA DE DIOS<\/span><\/div>\t\t\t\t<\/div>\n\t\t\t\t\t<\/div>\n\t\t\t\t<\/div>\n\t\t<div class=\"elementor-element elementor-element-edc7004 e-con-full elementor-hidden-desktop elementor-hidden-laptop elementor-hidden-tablet_extra elementor-hidden-tablet elementor-hidden-mobile e-flex e-con e-parent\" data-id=\"edc7004\" data-element_type=\"container\" data-settings=\"{&quot;background_background&quot;:&quot;classic&quot;}\">\n\t\t<div class=\"elementor-element elementor-element-69f47c7 e-con-full e-flex e-con e-child\" data-id=\"69f47c7\" data-element_type=\"container\">\n\t\t\t\t<div class=\"elementor-element elementor-element-ff95c85 elementor-absolute e-transform e-transform elementor-widget elementor-widget-heading\" data-id=\"ff95c85\" data-element_type=\"widget\" data-settings=\"{&quot;_position&quot;:&quot;absolute&quot;,&quot;_transform_rotateZ_effect&quot;:{&quot;unit&quot;:&quot;px&quot;,&quot;size&quot;:-90,&quot;sizes&quot;:[]},&quot;_transform_skewX_effect&quot;:{&quot;unit&quot;:&quot;px&quot;,&quot;size&quot;:0,&quot;sizes&quot;:[]},&quot;_transform_rotateZ_effect_laptop&quot;:{&quot;unit&quot;:&quot;deg&quot;,&quot;size&quot;:&quot;&quot;,&quot;sizes&quot;:[]},&quot;_transform_rotateZ_effect_tablet_extra&quot;:{&quot;unit&quot;:&quot;deg&quot;,&quot;size&quot;:&quot;&quot;,&quot;sizes&quot;:[]},&quot;_transform_rotateZ_effect_tablet&quot;:{&quot;unit&quot;:&quot;deg&quot;,&quot;size&quot;:&quot;&quot;,&quot;sizes&quot;:[]},&quot;_transform_rotateZ_effect_mobile&quot;:{&quot;unit&quot;:&quot;deg&quot;,&quot;size&quot;:&quot;&quot;,&quot;sizes&quot;:[]},&quot;_transform_skewX_effect_laptop&quot;:{&quot;unit&quot;:&quot;deg&quot;,&quot;size&quot;:&quot;&quot;,&quot;sizes&quot;:[]},&quot;_transform_skewX_effect_tablet_extra&quot;:{&quot;unit&quot;:&quot;deg&quot;,&quot;size&quot;:&quot;&quot;,&quot;sizes&quot;:[]},&quot;_transform_skewX_effect_tablet&quot;:{&quot;unit&quot;:&quot;deg&quot;,&quot;size&quot;:&quot;&quot;,&quot;sizes&quot;:[]},&quot;_transform_skewX_effect_mobile&quot;:{&quot;unit&quot;:&quot;deg&quot;,&quot;size&quot;:&quot;&quot;,&quot;sizes&quot;:[]},&quot;_transform_skewY_effect&quot;:{&quot;unit&quot;:&quot;px&quot;,&quot;size&quot;:&quot;&quot;,&quot;sizes&quot;:[]},&quot;_transform_skewY_effect_laptop&quot;:{&quot;unit&quot;:&quot;deg&quot;,&quot;size&quot;:&quot;&quot;,&quot;sizes&quot;:[]},&quot;_transform_skewY_effect_tablet_extra&quot;:{&quot;unit&quot;:&quot;deg&quot;,&quot;size&quot;:&quot;&quot;,&quot;sizes&quot;:[]},&quot;_transform_skewY_effect_tablet&quot;:{&quot;unit&quot;:&quot;deg&quot;,&quot;size&quot;:&quot;&quot;,&quot;sizes&quot;:[]},&quot;_transform_skewY_effect_mobile&quot;:{&quot;unit&quot;:&quot;deg&quot;,&quot;size&quot;:&quot;&quot;,&quot;sizes&quot;:[]}}\" data-widget_type=\"heading.default\">\n\t\t\t\t\t<h2 class=\"elementor-heading-title elementor-size-default\">Invitados<\/h2>\t\t\t\t<\/div>\n\t\t\t\t<div class=\"elementor-element elementor-element-78f3d26 elementor-widget elementor-widget-image\" data-id=\"78f3d26\" data-element_type=\"widget\" data-widget_type=\"image.default\">\n\t\t\t\t\t\t\t\t\t\t\t\t\t\t\t<img loading=\"lazy\" decoding=\"async\" width=\"763\" height=\"900\" src=\"https:\/\/comunifecali.org\/congresosupresencia\/wp-content\/uploads\/2025\/03\/invitadoTrans.png\" class=\"attachment-large size-large wp-image-8583\" alt=\"\" srcset=\"https:\/\/comunifecali.org\/congresosupresencia\/wp-content\/uploads\/2025\/03\/invitadoTrans.png 763w, https:\/\/comunifecali.org\/congresosupresencia\/wp-content\/uploads\/2025\/03\/invitadoTrans-254x300.png 254w, https:\/\/comunifecali.org\/congresosupresencia\/wp-content\/uploads\/2025\/03\/invitadoTrans-600x708.png 600w\" sizes=\"(max-width: 763px) 100vw, 763px\" \/>\t\t\t\t\t\t\t\t\t\t\t\t\t\t\t<\/div>\n\t\t\t\t<\/div>\n\t\t<div class=\"elementor-element elementor-element-d39bc2a e-con-full e-flex e-con e-child\" data-id=\"d39bc2a\" data-element_type=\"container\">\n\t\t\t\t<div class=\"elementor-element elementor-element-85d0a71 elementor-widget elementor-widget-heading\" data-id=\"85d0a71\" data-element_type=\"widget\" data-widget_type=\"heading.default\">\n\t\t\t\t\t<h2 class=\"elementor-heading-title elementor-size-default\">TORREY MARCEL HARPER <\/h2>\t\t\t\t<\/div>\n\t\t\t\t<div class=\"elementor-element elementor-element-3743fdc elementor-widget elementor-widget-heading\" data-id=\"3743fdc\" data-element_type=\"widget\" data-widget_type=\"heading.default\">\n\t\t\t\t\t<h2 class=\"elementor-heading-title elementor-size-default\">PROFETA Y ADORADOR<\/h2>\t\t\t\t<\/div>\n\t\t\t\t<div class=\"elementor-element elementor-element-d079230 elementor-widget elementor-widget-text-editor\" data-id=\"d079230\" data-element_type=\"widget\" data-widget_type=\"text-editor.default\">\n\t\t\t\t\t\t\t\t\t<p>Torrey Marcel Harper es Fundador y Director Senior de Habitation NYC, en el coraz\u00f3n de la ciudad de Nueva York.<\/p><p>Su voz prof\u00e9tica en esta hora ha sido de bendici\u00f3n a trav\u00e9s de palabras de conocimiento, adoraci\u00f3n y en lo sobrenatural.<\/p><p>Es reconocido como una voz prof\u00e9tica de su generaci\u00f3n por ministerios como, The Elijah List, Charisma Magazine y Destiny Image Yearly Word of the Lord.<\/p>\t\t\t\t\t\t\t\t<\/div>\n\t\t\t\t<\/div>\n\t\t\t\t<\/div>\n\t\t<div class=\"elementor-element elementor-element-e818e2d e-con-full e-flex e-con e-parent\" data-id=\"e818e2d\" data-element_type=\"container\" data-settings=\"{&quot;background_background&quot;:&quot;classic&quot;}\">\n\t\t<div class=\"elementor-element elementor-element-ccfb09c e-con-full e-flex e-con e-child\" data-id=\"ccfb09c\" data-element_type=\"container\">\n\t\t\t\t<div class=\"elementor-element elementor-element-874da58 elementor-absolute e-transform e-transform elementor-hidden-mobile elementor-widget elementor-widget-heading\" data-id=\"874da58\" data-element_type=\"widget\" data-settings=\"{&quot;_position&quot;:&quot;absolute&quot;,&quot;_transform_rotateZ_effect&quot;:{&quot;unit&quot;:&quot;px&quot;,&quot;size&quot;:-90,&quot;sizes&quot;:[]},&quot;_transform_skewX_effect&quot;:{&quot;unit&quot;:&quot;px&quot;,&quot;size&quot;:0,&quot;sizes&quot;:[]},&quot;_transform_rotateZ_effect_laptop&quot;:{&quot;unit&quot;:&quot;deg&quot;,&quot;size&quot;:&quot;&quot;,&quot;sizes&quot;:[]},&quot;_transform_rotateZ_effect_tablet_extra&quot;:{&quot;unit&quot;:&quot;deg&quot;,&quot;size&quot;:&quot;&quot;,&quot;sizes&quot;:[]},&quot;_transform_rotateZ_effect_tablet&quot;:{&quot;unit&quot;:&quot;deg&quot;,&quot;size&quot;:&quot;&quot;,&quot;sizes&quot;:[]},&quot;_transform_rotateZ_effect_mobile&quot;:{&quot;unit&quot;:&quot;deg&quot;,&quot;size&quot;:&quot;&quot;,&quot;sizes&quot;:[]},&quot;_transform_skewX_effect_laptop&quot;:{&quot;unit&quot;:&quot;deg&quot;,&quot;size&quot;:&quot;&quot;,&quot;sizes&quot;:[]},&quot;_transform_skewX_effect_tablet_extra&quot;:{&quot;unit&quot;:&quot;deg&quot;,&quot;size&quot;:&quot;&quot;,&quot;sizes&quot;:[]},&quot;_transform_skewX_effect_tablet&quot;:{&quot;unit&quot;:&quot;deg&quot;,&quot;size&quot;:&quot;&quot;,&quot;sizes&quot;:[]},&quot;_transform_skewX_effect_mobile&quot;:{&quot;unit&quot;:&quot;deg&quot;,&quot;size&quot;:&quot;&quot;,&quot;sizes&quot;:[]},&quot;_transform_skewY_effect&quot;:{&quot;unit&quot;:&quot;px&quot;,&quot;size&quot;:&quot;&quot;,&quot;sizes&quot;:[]},&quot;_transform_skewY_effect_laptop&quot;:{&quot;unit&quot;:&quot;deg&quot;,&quot;size&quot;:&quot;&quot;,&quot;sizes&quot;:[]},&quot;_transform_skewY_effect_tablet_extra&quot;:{&quot;unit&quot;:&quot;deg&quot;,&quot;size&quot;:&quot;&quot;,&quot;sizes&quot;:[]},&quot;_transform_skewY_effect_tablet&quot;:{&quot;unit&quot;:&quot;deg&quot;,&quot;size&quot;:&quot;&quot;,&quot;sizes&quot;:[]},&quot;_transform_skewY_effect_mobile&quot;:{&quot;unit&quot;:&quot;deg&quot;,&quot;size&quot;:&quot;&quot;,&quot;sizes&quot;:[]}}\" data-widget_type=\"heading.default\">\n\t\t\t\t\t<h2 class=\"elementor-heading-title elementor-size-default\">Invitados<\/h2>\t\t\t\t<\/div>\n\t\t<div class=\"elementor-element elementor-element-335c79f e-con-full e-flex e-con e-child\" data-id=\"335c79f\" data-element_type=\"container\">\n\t\t\t\t<div class=\"elementor-element elementor-element-a5da1e4 elementor-widget elementor-widget-heading\" data-id=\"a5da1e4\" data-element_type=\"widget\" data-widget_type=\"heading.default\">\n\t\t\t\t\t<h2 class=\"elementor-heading-title elementor-size-default\">TORREY<\/h2>\t\t\t\t<\/div>\n\t\t\t\t<div class=\"elementor-element elementor-element-344fb53 elementor-widget elementor-widget-heading\" data-id=\"344fb53\" data-element_type=\"widget\" data-widget_type=\"heading.default\">\n\t\t\t\t\t<h2 class=\"elementor-heading-title elementor-size-default\">HARPER<\/h2>\t\t\t\t<\/div>\n\t\t\t\t<div class=\"elementor-element elementor-element-2cf504f elementor-widget elementor-widget-heading\" data-id=\"2cf504f\" data-element_type=\"widget\" data-widget_type=\"heading.default\">\n\t\t\t\t\t<div class=\"elementor-heading-title elementor-size-default\">HABITATION NYC<\/div>\t\t\t\t<\/div>\n\t\t\t\t<div class=\"elementor-element elementor-element-f3f299f elementor-widget elementor-widget-heading\" data-id=\"f3f299f\" data-element_type=\"widget\" data-widget_type=\"heading.default\">\n\t\t\t\t\t<div class=\"elementor-heading-title elementor-size-default\">PROFETA Y PASTOR<\/div>\t\t\t\t<\/div>\n\t\t\t\t<\/div>\n\t\t\t\t<div class=\"elementor-element elementor-element-d93f76c elementor-hidden-tablet elementor-hidden-mobile elementor-widget elementor-widget-image\" data-id=\"d93f76c\" data-element_type=\"widget\" data-widget_type=\"image.default\">\n\t\t\t\t\t\t\t\t\t\t\t\t\t\t\t<img loading=\"lazy\" decoding=\"async\" width=\"8\" height=\"300\" src=\"https:\/\/comunifecali.org\/congresosupresencia\/wp-content\/uploads\/2025\/04\/barra-8x300.png\" class=\"attachment-medium size-medium wp-image-9030\" alt=\"\" \/>\t\t\t\t\t\t\t\t\t\t\t\t\t\t\t<\/div>\n\t\t\t\t<\/div>\n\t\t<div class=\"elementor-element elementor-element-6a94692 e-con-full e-flex e-con e-child\" data-id=\"6a94692\" data-element_type=\"container\" data-settings=\"{&quot;background_background&quot;:&quot;classic&quot;}\">\n\t\t\t\t<div class=\"elementor-element elementor-element-88a5dea elementor-widget elementor-widget-image\" data-id=\"88a5dea\" data-element_type=\"widget\" data-widget_type=\"image.default\">\n\t\t\t\t\t\t\t\t\t\t\t\t\t\t\t<img loading=\"lazy\" decoding=\"async\" width=\"2000\" height=\"1551\" src=\"https:\/\/comunifecali.org\/congresosupresencia\/wp-content\/uploads\/2025\/04\/FOTOS-INVITADOS@2x-8.png\" class=\"attachment-full size-full wp-image-8984\" alt=\"\" srcset=\"https:\/\/comunifecali.org\/congresosupresencia\/wp-content\/uploads\/2025\/04\/FOTOS-INVITADOS@2x-8.png 2000w, https:\/\/comunifecali.org\/congresosupresencia\/wp-content\/uploads\/2025\/04\/FOTOS-INVITADOS@2x-8-300x233.png 300w, https:\/\/comunifecali.org\/congresosupresencia\/wp-content\/uploads\/2025\/04\/FOTOS-INVITADOS@2x-8-1024x794.png 1024w, https:\/\/comunifecali.org\/congresosupresencia\/wp-content\/uploads\/2025\/04\/FOTOS-INVITADOS@2x-8-768x596.png 768w, https:\/\/comunifecali.org\/congresosupresencia\/wp-content\/uploads\/2025\/04\/FOTOS-INVITADOS@2x-8-1536x1191.png 1536w, https:\/\/comunifecali.org\/congresosupresencia\/wp-content\/uploads\/2025\/04\/FOTOS-INVITADOS@2x-8-600x465.png 600w\" sizes=\"(max-width: 2000px) 100vw, 2000px\" \/>\t\t\t\t\t\t\t\t\t\t\t\t\t\t\t<\/div>\n\t\t\t\t<\/div>\n\t\t<div class=\"elementor-element elementor-element-dff9390 e-con-full e-flex e-con e-child\" data-id=\"dff9390\" data-element_type=\"container\">\n\t\t<div class=\"elementor-element elementor-element-dfd5d0e e-con-full e-flex e-con e-child\" data-id=\"dfd5d0e\" data-element_type=\"container\">\n\t\t\t\t<div class=\"elementor-element elementor-element-2ec72cb elementor-widget elementor-widget-heading\" data-id=\"2ec72cb\" data-element_type=\"widget\" data-widget_type=\"heading.default\">\n\t\t\t\t\t<h2 class=\"elementor-heading-title elementor-size-default\">LUCAS<\/h2>\t\t\t\t<\/div>\n\t\t\t\t<div class=\"elementor-element elementor-element-7ce9aeb elementor-widget elementor-widget-heading\" data-id=\"7ce9aeb\" data-element_type=\"widget\" data-widget_type=\"heading.default\">\n\t\t\t\t\t<h2 class=\"elementor-heading-title elementor-size-default\">CONSLIE<\/h2>\t\t\t\t<\/div>\n\t\t\t\t<div class=\"elementor-element elementor-element-c30d346 elementor-widget elementor-widget-heading\" data-id=\"c30d346\" data-element_type=\"widget\" data-widget_type=\"heading.default\">\n\t\t\t\t\t<div class=\"elementor-heading-title elementor-size-default\">\"TOMA TU LUGAR\"<\/div>\t\t\t\t<\/div>\n\t\t\t\t<div class=\"elementor-element elementor-element-0f7a5e5 elementor-widget elementor-widget-heading\" data-id=\"0f7a5e5\" data-element_type=\"widget\" data-widget_type=\"heading.default\">\n\t\t\t\t\t<div class=\"elementor-heading-title elementor-size-default\">ADORADOR Y COMPOSITOR PROF\u00c9TICO<\/div>\t\t\t\t<\/div>\n\t\t\t\t<\/div>\n\t\t\t\t<div class=\"elementor-element elementor-element-69722e5 elementor-hidden-tablet elementor-hidden-mobile elementor-widget elementor-widget-image\" data-id=\"69722e5\" data-element_type=\"widget\" data-widget_type=\"image.default\">\n\t\t\t\t\t\t\t\t\t\t\t\t\t\t\t<img loading=\"lazy\" decoding=\"async\" width=\"8\" height=\"300\" src=\"https:\/\/comunifecali.org\/congresosupresencia\/wp-content\/uploads\/2025\/04\/barra-8x300.png\" class=\"attachment-medium size-medium wp-image-9030\" alt=\"\" \/>\t\t\t\t\t\t\t\t\t\t\t\t\t\t\t<\/div>\n\t\t\t\t<\/div>\n\t\t\t\t<\/div>\n\t\t<div class=\"elementor-element elementor-element-268d99c e-con-full e-flex e-con e-parent\" data-id=\"268d99c\" data-element_type=\"container\">\n\t\t\t\t<div class=\"elementor-element elementor-element-ec0c9b9 elementor-widget elementor-widget-image\" data-id=\"ec0c9b9\" data-element_type=\"widget\" data-widget_type=\"image.default\">\n\t\t\t\t\t\t\t\t\t\t\t\t\t\t\t<img loading=\"lazy\" decoding=\"async\" width=\"1921\" height=\"1854\" src=\"https:\/\/comunifecali.org\/congresosupresencia\/wp-content\/uploads\/2025\/04\/equipos.jpg\" class=\"attachment-full size-full wp-image-9011\" alt=\"\" srcset=\"https:\/\/comunifecali.org\/congresosupresencia\/wp-content\/uploads\/2025\/04\/equipos.jpg 1921w, https:\/\/comunifecali.org\/congresosupresencia\/wp-content\/uploads\/2025\/04\/equipos-300x290.jpg 300w, https:\/\/comunifecali.org\/congresosupresencia\/wp-content\/uploads\/2025\/04\/equipos-1024x988.jpg 1024w, https:\/\/comunifecali.org\/congresosupresencia\/wp-content\/uploads\/2025\/04\/equipos-768x741.jpg 768w, https:\/\/comunifecali.org\/congresosupresencia\/wp-content\/uploads\/2025\/04\/equipos-1536x1482.jpg 1536w, https:\/\/comunifecali.org\/congresosupresencia\/wp-content\/uploads\/2025\/04\/equipos-600x579.jpg 600w\" sizes=\"(max-width: 1921px) 100vw, 1921px\" \/>\t\t\t\t\t\t\t\t\t\t\t\t\t\t\t<\/div>\n\t\t\t\t<\/div>\n\t\t<div class=\"elementor-element elementor-element-a745883 e-flex e-con-boxed e-con e-parent\" data-id=\"a745883\" data-element_type=\"container\" data-settings=\"{&quot;background_background&quot;:&quot;classic&quot;}\">\n\t\t\t\t\t<div class=\"e-con-inner\">\n\t\t<div class=\"elementor-element elementor-element-8b27110 e-con-full e-flex e-con e-child\" data-id=\"8b27110\" data-element_type=\"container\">\n\t\t\t\t<div class=\"elementor-element elementor-element-97922cd elementor-widget elementor-widget-video\" data-id=\"97922cd\" data-element_type=\"widget\" data-settings=\"{&quot;youtube_url&quot;:&quot;https:\\\/\\\/www.youtube.com\\\/watch?v=l_usLZZGG28&quot;,&quot;video_type&quot;:&quot;youtube&quot;,&quot;controls&quot;:&quot;yes&quot;}\" data-widget_type=\"video.default\">\n\t\t\t\t\t\t\t<div class=\"elementor-wrapper elementor-open-inline\">\n\t\t\t<div class=\"elementor-video\"><\/div>\t\t<\/div>\n\t\t\t\t\t\t<\/div>\n\t\t\t\t<\/div>\n\t\t<div class=\"elementor-element elementor-element-6f48fc8 e-con-full e-flex e-con e-child\" data-id=\"6f48fc8\" data-element_type=\"container\">\n\t\t\t\t<div class=\"elementor-element elementor-element-502e7ed elementor-widget elementor-widget-video\" data-id=\"502e7ed\" data-element_type=\"widget\" data-settings=\"{&quot;youtube_url&quot;:&quot;https:\\\/\\\/youtube.com\\\/shorts\\\/85VNG6ThKIU?feature=share&quot;,&quot;video_type&quot;:&quot;youtube&quot;,&quot;controls&quot;:&quot;yes&quot;}\" data-widget_type=\"video.default\">\n\t\t\t\t\t\t\t<div class=\"elementor-wrapper elementor-open-inline\">\n\t\t\t<div class=\"elementor-video\"><\/div>\t\t<\/div>\n\t\t\t\t\t\t<\/div>\n\t\t\t\t<\/div>\n\t\t<div class=\"elementor-element elementor-element-c653904 e-con-full e-flex e-con e-child\" data-id=\"c653904\" data-element_type=\"container\">\n\t\t\t\t<div class=\"elementor-element elementor-element-a552b2b elementor-widget elementor-widget-video\" data-id=\"a552b2b\" data-element_type=\"widget\" data-settings=\"{&quot;youtube_url&quot;:&quot;https:\\\/\\\/youtube.com\\\/shorts\\\/rYmywUvMvgc?feature=share&quot;,&quot;video_type&quot;:&quot;youtube&quot;,&quot;controls&quot;:&quot;yes&quot;}\" data-widget_type=\"video.default\">\n\t\t\t\t\t\t\t<div class=\"elementor-wrapper elementor-open-inline\">\n\t\t\t<div class=\"elementor-video\"><\/div>\t\t<\/div>\n\t\t\t\t\t\t<\/div>\n\t\t\t\t<\/div>\n\t\t\t\t\t<\/div>\n\t\t\t\t<\/div>\n\t\t<div class=\"elementor-element elementor-element-c6c7dac e-flex e-con-boxed e-con e-parent\" data-id=\"c6c7dac\" data-element_type=\"container\" data-settings=\"{&quot;background_background&quot;:&quot;classic&quot;}\">\n\t\t\t\t\t<div class=\"e-con-inner\">\n\t\t<div class=\"elementor-element elementor-element-39629ce e-con-full e-flex e-con e-child\" data-id=\"39629ce\" data-element_type=\"container\">\n\t\t\t\t<div class=\"elementor-element elementor-element-96caf70 elementor-widget elementor-widget-heading\" data-id=\"96caf70\" data-element_type=\"widget\" data-widget_type=\"heading.default\">\n\t\t\t\t\t<h2 class=\"elementor-heading-title elementor-size-default\">Preguntas<br>frecuentes<\/h2>\t\t\t\t<\/div>\n\t\t\t\t<\/div>\n\t\t<div class=\"elementor-element elementor-element-cb4bae6 e-con-full e-flex e-con e-child\" data-id=\"cb4bae6\" data-element_type=\"container\">\n\t\t\t\t<div class=\"elementor-element elementor-element-e982820 elementor-widget elementor-widget-heading\" data-id=\"e982820\" data-element_type=\"widget\" data-widget_type=\"heading.default\">\n\t\t\t\t\t<div class=\"elementor-heading-title elementor-size-default\">\u00bfPueden asistir personas de Iglesias diferentes a Comunidad Cristiana de Fe?<\/div>\t\t\t\t<\/div>\n\t\t\t\t<div class=\"elementor-element elementor-element-e6491b9 elementor-widget elementor-widget-text-editor\" data-id=\"e6491b9\" data-element_type=\"widget\" data-widget_type=\"text-editor.default\">\n\t\t\t\t\t\t\t\t\t<p>S\u00ed, abrimos nuestras puertas a todas las iglesias cristianas. Compartiremos tiempos de oraci\u00f3n y adoraci\u00f3n prof\u00e9tica, revelaci\u00f3n, manifestaci\u00f3n, celebraci\u00f3n, activaci\u00f3n, se\u00f1ales y maravillas.<\/p><p>Tambi\u00e9n seremos equipados para impactar nuestro entorno, el mundo y seguir cosechando muchas almas m\u00e1s para Cristo.<\/p>\t\t\t\t\t\t\t\t<\/div>\n\t\t\t\t<div class=\"elementor-element elementor-element-40eea96 elementor-widget elementor-widget-heading\" data-id=\"40eea96\" data-element_type=\"widget\" data-widget_type=\"heading.default\">\n\t\t\t\t\t<div class=\"elementor-heading-title elementor-size-default\">\u00bfHay un valor diferente para participar del Congreso un solo d\u00eda o s\u00f3lo en las noches?<\/div>\t\t\t\t<\/div>\n\t\t\t\t<div class=\"elementor-element elementor-element-75f6108 elementor-widget elementor-widget-text-editor\" data-id=\"75f6108\" data-element_type=\"widget\" data-widget_type=\"text-editor.default\">\n\t\t\t\t\t\t\t\t\t<p>No, las entradas cubren la asistencia a la totalidad del Congreso. <br \/>Cada persona selecciona d\u00edas y horario en que participar\u00e1.<\/p>\t\t\t\t\t\t\t\t<\/div>\n\t\t\t\t<div class=\"elementor-element elementor-element-7d9e942 elementor-widget elementor-widget-heading\" data-id=\"7d9e942\" data-element_type=\"widget\" data-widget_type=\"heading.default\">\n\t\t\t\t\t<div class=\"elementor-heading-title elementor-size-default\">\u00bfLas sillas tienen numeraci\u00f3n?\u200b\u200b\n<\/div>\t\t\t\t<\/div>\n\t\t\t\t<div class=\"elementor-element elementor-element-be68a8b elementor-widget elementor-widget-text-editor\" data-id=\"be68a8b\" data-element_type=\"widget\" data-widget_type=\"text-editor.default\">\n\t\t\t\t\t\t\t\t\t<p>No, las sillas no tienen numeraci\u00f3n. Ser\u00e1n ocupados por orden de llegada.<\/p>\t\t\t\t\t\t\t\t<\/div>\n\t\t\t\t<div class=\"elementor-element elementor-element-bc3a754 elementor-widget elementor-widget-heading\" data-id=\"bc3a754\" data-element_type=\"widget\" data-widget_type=\"heading.default\">\n\t\t\t\t\t<div class=\"elementor-heading-title elementor-size-default\">\u00bfPuedo llevar ni\u00f1os? <\/div>\t\t\t\t<\/div>\n\t\t\t\t<div class=\"elementor-element elementor-element-f93500e elementor-widget elementor-widget-text-editor\" data-id=\"f93500e\" data-element_type=\"widget\" data-widget_type=\"text-editor.default\">\n\t\t\t\t\t\t\t\t\t<p>No habr\u00e1 cuidado para ni\u00f1os. <br \/>Pueden ingresar ni\u00f1os de 8 a\u00f1os en adelante. <br \/>Los padres se har\u00e1n responsables de tener sus hijos con ellos todo el tiempo.<br \/>Todo asistente al Congreso pagar\u00e1 el mismo precio para su entrada. <\/p>\t\t\t\t\t\t\t\t<\/div>\n\t\t\t\t<\/div>\n\t\t<div class=\"elementor-element elementor-element-c17591e e-con-full e-flex e-con e-child\" data-id=\"c17591e\" data-element_type=\"container\">\n\t\t\t\t<div class=\"elementor-element elementor-element-64dea61 elementor-widget elementor-widget-heading\" data-id=\"64dea61\" data-element_type=\"widget\" data-widget_type=\"heading.default\">\n\t\t\t\t\t<div class=\"elementor-heading-title elementor-size-default\">\u00bfHay reembolso de mi donaci\u00f3n si no puedo ir?<\/div>\t\t\t\t<\/div>\n\t\t\t\t<div class=\"elementor-element elementor-element-463ac7c elementor-widget elementor-widget-text-editor\" data-id=\"463ac7c\" data-element_type=\"widget\" data-widget_type=\"text-editor.default\">\n\t\t\t\t\t\t\t\t\t<p>No habr\u00e1 reembolso de la donaci\u00f3n hecha pero s\u00ed puede transferir su donaci\u00f3n para la entrada de otra persona. No se aceptar\u00e1n transferencias despu\u00e9s del 27 de abril.<\/p>\t\t\t\t\t\t\t\t<\/div>\n\t\t\t\t<div class=\"elementor-element elementor-element-343bd22 elementor-widget elementor-widget-heading\" data-id=\"343bd22\" data-element_type=\"widget\" data-widget_type=\"heading.default\">\n\t\t\t\t\t<div class=\"elementor-heading-title elementor-size-default\">\u00bfC\u00f3mo transferir a otra persona mi entrada? <\/div>\t\t\t\t<\/div>\n\t\t\t\t<div class=\"elementor-element elementor-element-f5e46f0 elementor-widget elementor-widget-text-editor\" data-id=\"f5e46f0\" data-element_type=\"widget\" data-widget_type=\"text-editor.default\">\n\t\t\t\t\t\t\t\t\t<p>Env\u00eda un mensaje al +57 312-812-4885 (Whatsapp ComunifeCali). <br \/>Incluye los datos de la entrada que se va a transferir junto con el nombre completo, correo electr\u00f3nico y c\u00e9dula de la persona a quien se le va a transferir.<br \/>Ten en cuenta que solo se permite un cambio por entrada.<\/p>\t\t\t\t\t\t\t\t<\/div>\n\t\t\t\t<div class=\"elementor-element elementor-element-68664d5 elementor-widget elementor-widget-heading\" data-id=\"68664d5\" data-element_type=\"widget\" data-widget_type=\"heading.default\">\n\t\t\t\t\t<div class=\"elementor-heading-title elementor-size-default\">\u00bfSe puede acceder a las memorias del Congreso?<\/div>\t\t\t\t<\/div>\n\t\t\t\t<div class=\"elementor-element elementor-element-5c1f178 elementor-widget elementor-widget-text-editor\" data-id=\"5c1f178\" data-element_type=\"widget\" data-widget_type=\"text-editor.default\">\n\t\t\t\t\t\t\t\t\t<p>As\u00ed es. Cada d\u00eda, en el punto de informaci\u00f3n podr\u00e1s adquirir libros y materiales de los conferencistas, as\u00ed como los audios del Congreso.<\/p>\t\t\t\t\t\t\t\t<\/div>\n\t\t\t\t<div class=\"elementor-element elementor-element-9feef75 elementor-widget elementor-widget-heading\" data-id=\"9feef75\" data-element_type=\"widget\" data-widget_type=\"heading.default\">\n\t\t\t\t\t<div class=\"elementor-heading-title elementor-size-default\">\u00bfHay servicio de parqueadero? <\/div>\t\t\t\t<\/div>\n\t\t\t\t<div class=\"elementor-element elementor-element-02f6d18 elementor-widget elementor-widget-text-editor\" data-id=\"02f6d18\" data-element_type=\"widget\" data-widget_type=\"text-editor.default\">\n\t\t\t\t\t\t\t\t\t<p>Para tu comodidad y seguridad hemos coordinado los servicios de un parqueadero privado y cercano a la sede parqueadero \u00abPascual F\u00fatbol 5\u00bb, Carrera 36 #5B-04 (v\u00eda a la avenida Roosevelt)<\/p>\t\t\t\t\t\t\t\t<\/div>\n\t\t\t\t<\/div>\n\t\t\t\t\t<\/div>\n\t\t\t\t<\/div>\n\t\t\t\t<\/div>\n\t\t","protected":false},"excerpt":{"rendered":"<p>1-4 Mayo, 2025 Cali, Colombia CONGRESO SU PRESENCIA AMAMOS TU GLORIA Iglesia Comunidad Cristiana de Fe Cali Donaci\u00f3n e Inscripci\u00f3n Haz clic aqu\u00ed Inversi\u00f3n $100.000 \u00bfCu\u00e1nto quieres de Dios?\u00bfAnhelas contemplar su Gloria? \u00bfSer transformado a su imagen? En el Congreso Su Presencia \u00abAMAMOS TU GLORIA\u00bb, tu pasi\u00f3n por \u00c9l crecer\u00e1, despertar\u00e1 la revelaci\u00f3n y el [&hellip;]<\/p>\n","protected":false},"author":1,"featured_media":0,"parent":0,"menu_order":0,"comment_status":"closed","ping_status":"closed","template":"elementor_canvas","meta":{"_price":"","_stock":"","_tribe_ticket_header":"","_tribe_default_ticket_provider":"","_tribe_ticket_capacity":"0","_ticket_start_date":"","_ticket_end_date":"","_tribe_ticket_show_description":"","_tribe_ticket_show_not_going":false,"_tribe_ticket_use_global_stock":"","_tribe_ticket_global_stock_level":"","_global_stock_mode":"","_global_stock_cap":"","_tribe_rsvp_for_event":"","_tribe_ticket_going_count":"","_tribe_ticket_not_going_count":"","_tribe_tickets_list":"[]","_tribe_ticket_has_attendee_info_fields":false,"footnotes":"","_tec_slr_enabled":"","_tec_slr_layout":""},"class_list":["post-8213","page","type-page","status-publish","hentry"],"ticketed":false,"_links":{"self":[{"href":"https:\/\/comunifecali.org\/congresosupresencia\/wp-json\/wp\/v2\/pages\/8213","targetHints":{"allow":["GET"]}}],"collection":[{"href":"https:\/\/comunifecali.org\/congresosupresencia\/wp-json\/wp\/v2\/pages"}],"about":[{"href":"https:\/\/comunifecali.org\/congresosupresencia\/wp-json\/wp\/v2\/types\/page"}],"author":[{"embeddable":true,"href":"https:\/\/comunifecali.org\/congresosupresencia\/wp-json\/wp\/v2\/users\/1"}],"replies":[{"embeddable":true,"href":"https:\/\/comunifecali.org\/congresosupresencia\/wp-json\/wp\/v2\/comments?post=8213"}],"version-history":[{"count":436,"href":"https:\/\/comunifecali.org\/congresosupresencia\/wp-json\/wp\/v2\/pages\/8213\/revisions"}],"predecessor-version":[{"id":9260,"href":"https:\/\/comunifecali.org\/congresosupresencia\/wp-json\/wp\/v2\/pages\/8213\/revisions\/9260"}],"wp:attachment":[{"href":"https:\/\/comunifecali.org\/congresosupresencia\/wp-json\/wp\/v2\/media?parent=8213"}],"curies":[{"name":"wp","href":"https:\/\/api.w.org\/{rel}","templated":true}]}}